{"id":2,"date":"2010-09-27T17:37:14","date_gmt":"2010-09-27T17:37:14","guid":{"rendered":"http:\/\/ullaniemi.se\/?page_id=2"},"modified":"2019-12-16T16:06:46","modified_gmt":"2019-12-16T14:06:46","slug":"om","status":"publish","type":"page","link":"http:\/\/ullaniemi.se\/","title":{"rendered":""},"content":{"rendered":"<div id=\"attachment_1414\" style=\"width: 407px\" class=\"wp-caption alignleft\"><a href=\"http:\/\/ullaniemi.se\/wp-content\/uploads\/Ateljen-p\u00e5-Str\u00f6mma-kopiera-mindre2.jpg\"><img aria-describedby=\"caption-attachment-1414\" loading=\"lazy\" class=\"size-full wp-image-1414\" src=\"http:\/\/ullaniemi.se\/wp-content\/uploads\/Ateljen-p\u00e5-Str\u00f6mma-kopiera-mindre2.jpg\" alt=\"Atelj\u00e9n p\u00e5 Str\u00f6mma\" width=\"397\" height=\"136\" srcset=\"http:\/\/ullaniemi.se\/wp-content\/uploads\/Ateljen-p\u00e5-Str\u00f6mma-kopiera-mindre2.jpg 397w, http:\/\/ullaniemi.se\/wp-content\/uploads\/Ateljen-p\u00e5-Str\u00f6mma-kopiera-mindre2-300x103.jpg 300w\" sizes=\"(max-width: 397px) 100vw, 397px\" \/><\/a><p id=\"caption-attachment-1414\" class=\"wp-caption-text\">Atelj\u00e9n p\u00e5 Str\u00f6mma<\/p><\/div>\n<p>&nbsp;<\/p>\n<p>&nbsp;<\/p>\n<p>&nbsp;<\/p>\n<p>&nbsp;<\/p>\n<p>&nbsp;<\/p>\n<p>&nbsp;<\/p>\n<p><a href=\"http:\/\/ullaniemi.se\/wp-content\/uploads\/Ett-myller-av-sm\u00e5kryp-o-Ulla.jpg\"><img loading=\"lazy\" class=\"aligncenter wp-image-1549\" src=\"http:\/\/ullaniemi.se\/wp-content\/uploads\/Ett-myller-av-sm\u00e5kryp-o-Ulla.jpg\" alt=\"\" width=\"327\" height=\"342\" srcset=\"http:\/\/ullaniemi.se\/wp-content\/uploads\/Ett-myller-av-sm\u00e5kryp-o-Ulla.jpg 698w, http:\/\/ullaniemi.se\/wp-content\/uploads\/Ett-myller-av-sm\u00e5kryp-o-Ulla-287x300.jpg 287w\" sizes=\"(max-width: 327px) 100vw, 327px\" \/><\/a>Jag \u00e4r f\u00f6dd i Vasa i \u00d6sterbotten vid hav och sk\u00e4rg\u00e5rd &#8211; min konst pr\u00e4glas av det. \u00a0 Sm\u00e5 eller st\u00f6rre iaktelser, observationer eller minnen blir till emaljer, m\u00e5lningar\u00a0 och grafik.<\/p>\n<p>Ulla Niemi<\/p>\n<p>0708-684992<\/p>\n<p>Utst\u00e4llningar 2019<\/p>\n<p><strong>Kulturnatten i Karlshamn 5\/10 i Lotta Niemis nya atelje\u00b4 \u00a0 \u00a0 \u00a0 \u00a0 \u00a0 \u00a0 \u00a0 \u00a0 \u00a0 \u00a0 \u00a0 \u00a0 \u00a0<\/strong><\/p>\n<p>&nbsp;<\/p>\n<p><a href=\"http:\/\/ullaniemi.se\/wp-content\/uploads\/Ulla_Niemi_DSC6272a.jpg\"><strong>Galleri Puuterihuone, Skatudden i Helsingfors<\/strong><\/a><\/p>\n<p><u><span style=\"color: #005005;\">oktober 2019<\/span><a href=\"http:\/\/ullaniemi.se\/wp-content\/uploads\/Ulla_Niemi_DSC6272a.jpg\"><br \/>\n<img loading=\"lazy\" class=\"aligncenter size-large wp-image-1388\" src=\"http:\/\/ullaniemi.se\/wp-content\/uploads\/Ulla_Niemi_DSC6272a-1024x681.jpg\" alt=\"\" width=\"640\" height=\"426\" srcset=\"http:\/\/ullaniemi.se\/wp-content\/uploads\/Ulla_Niemi_DSC6272a-1024x681.jpg 1024w, http:\/\/ullaniemi.se\/wp-content\/uploads\/Ulla_Niemi_DSC6272a-300x200.jpg 300w, http:\/\/ullaniemi.se\/wp-content\/uploads\/Ulla_Niemi_DSC6272a.jpg 1772w\" sizes=\"(max-width: 640px) 100vw, 640px\" \/><\/a><\/u><\/p>\n<p>&nbsp;<\/p>\n<p><b>Konstklubben Kommuntavlan, Karlshamn<\/b> \u00a0 \u00a0 \u00a0 \u00a0 \u00a0 \u00a0 \u00a0 \u00a0 \u00a0 \u00a0 \u00a0 \u00a0 \u00a0 \u00a0 \u00a0 \u00a0 \u00a0 \u00a0 \u00a0 \u00a0 \u00a0 \u00a0 \u00a0 \u00a0 \u00a0 \u00a0 \u00a0 \u00a0\u00a0 april m\u00e5nad<\/p>\n<div id=\"attachment_1570\" style=\"width: 310px\" class=\"wp-caption aligncenter\"><a href=\"http:\/\/ullaniemi.se\/wp-content\/uploads\/333-1-e1550223098383.jpg\"><img aria-describedby=\"caption-attachment-1570\" loading=\"lazy\" class=\"size-full wp-image-1570\" src=\"http:\/\/ullaniemi.se\/wp-content\/uploads\/333-1-e1550223098383.jpg\" alt=\"\" width=\"300\" height=\"352\" \/><\/a><p id=\"caption-attachment-1570\" class=\"wp-caption-text\">Emaljerad pl\u00e5t<\/p><\/div>\n<p>Utst\u00e4llningen arrangeras med st\u00f6d av Sveriges Konstf\u00f6reningar<a href=\"http:\/\/ullaniemi.se\/wp-content\/uploads\/Sverigeskflogga.jpg\"><br \/>\n<img loading=\"lazy\" class=\"aligncenter size-full wp-image-1569\" src=\"http:\/\/ullaniemi.se\/wp-content\/uploads\/Sverigeskflogga.jpg\" alt=\"\" width=\"750\" height=\"105\" srcset=\"http:\/\/ullaniemi.se\/wp-content\/uploads\/Sverigeskflogga.jpg 750w, http:\/\/ullaniemi.se\/wp-content\/uploads\/Sverigeskflogga-300x42.jpg 300w\" sizes=\"(max-width: 750px) 100vw, 750px\" \/><\/a><b><\/b><\/p>\n<p><strong>Utst\u00e4llningar 2018<\/strong><\/p>\n<p><strong>Galleri<\/strong> <strong>Sigma<\/strong> i V\u00e4xj\u00f6 \u00a0\u00a0 1\/12-15\/12 2018<\/p>\n<p><a href=\"http:\/\/ullaniemi.se\/wp-content\/uploads\/Affisch-G-L-A-N.jpg\"><img loading=\"lazy\" class=\"aligncenter size-large wp-image-1565\" src=\"http:\/\/ullaniemi.se\/wp-content\/uploads\/Affisch-G-L-A-N-724x1024.jpg\" alt=\"\" width=\"640\" height=\"905\" srcset=\"http:\/\/ullaniemi.se\/wp-content\/uploads\/Affisch-G-L-A-N-724x1024.jpg 724w, http:\/\/ullaniemi.se\/wp-content\/uploads\/Affisch-G-L-A-N-212x300.jpg 212w, http:\/\/ullaniemi.se\/wp-content\/uploads\/Affisch-G-L-A-N-768x1086.jpg 768w\" sizes=\"(max-width: 640px) 100vw, 640px\" \/><\/a><\/p>\n<p>emalj<\/p>\n<p><strong>Gnosj\u00f6 Kommun<\/strong> 8\/1-9\/2 2018<\/p>\n<p>emalj, grafik och m\u00e5lningar<\/p>\n<p>&nbsp;<\/p>\n<p>&nbsp;<\/p>\n<p>Kulturnatten i Karlshamn p\u00e5 SEB bankens lokal.<\/p>\n<p>&nbsp;<\/p>\n<p>&nbsp;<\/p>\n<p>Utst\u00e4llning p\u00e5 Lokstallarna i Karlshamn<a href=\"http:\/\/ullaniemi.se\/wp-content\/uploads\/IMG_0309436-4.jpg\"><img loading=\"lazy\" class=\"aligncenter size-large wp-image-1541\" src=\"http:\/\/ullaniemi.se\/wp-content\/uploads\/IMG_0309436-4-768x1024.jpg\" alt=\"\" width=\"640\" height=\"853\" srcset=\"http:\/\/ullaniemi.se\/wp-content\/uploads\/IMG_0309436-4-768x1024.jpg 768w, http:\/\/ullaniemi.se\/wp-content\/uploads\/IMG_0309436-4-225x300.jpg 225w\" sizes=\"(max-width: 640px) 100vw, 640px\" \/><\/a><\/p>\n<p>SP\u00c5R<\/p>\n<p>4\/5 &#8211; 21\/5 2017 p\u00e5 Lookstallarna i Karlshamn, vernissage 4\/5 kl\u00a017 &#8211; 19<\/p>\n<p>\u00f6ppet m\u00e5n-tor\u00a0 10 &#8211; 15<\/p>\n<p>helg\u00f6ppet 6-7\/5 \u00a011 &#8211; 16<\/p>\n<p>visning annan tid\u00a0ring Ulla\u00a0 0708-684992<\/p>\n<p>&nbsp;<\/p>\n<p>&nbsp;<\/p>\n<p>KURSER<\/p>\n<p>Emaljkurser p\u00e5 Bruket i Ronneby januari 2018.<\/p>\n<p>27-28\/1 kl. 9.30 &#8211; 16.00<\/p>\n<p>Max 5st. deltagare.\u00a0 2200kr\/pers. All material ing\u00e5r.<\/p>\n<p>V\u00e4nligen kontakta mig f\u00f6r ytterligare information via mejl ulla@niemi.com eller 0708-684992<\/p>\n<div id=\"attachment_1440\" style=\"width: 310px\" class=\"wp-caption aligncenter\"><a href=\"http:\/\/ullaniemi.se\/wp-content\/uploads\/v\u00e4rnamo-1.jpg\" rel=\"attachment wp-att-1440\"><img aria-describedby=\"caption-attachment-1440\" loading=\"lazy\" class=\"wp-image-1440 size-medium\" src=\"http:\/\/ullaniemi.se\/wp-content\/uploads\/v\u00e4rnamo-1-300x242.jpg\" alt=\"emaljerad svartpl\u00e5t\" width=\"300\" height=\"242\" srcset=\"http:\/\/ullaniemi.se\/wp-content\/uploads\/v\u00e4rnamo-1-300x242.jpg 300w, http:\/\/ullaniemi.se\/wp-content\/uploads\/v\u00e4rnamo-1-768x620.jpg 768w, http:\/\/ullaniemi.se\/wp-content\/uploads\/v\u00e4rnamo-1.jpg 952w\" sizes=\"(max-width: 300px) 100vw, 300px\" \/><\/a><p id=\"caption-attachment-1440\" class=\"wp-caption-text\">emaljerad svartpl\u00e5t<\/p><\/div>\n<p><strong><br \/>\n<\/strong><\/p>\n","protected":false},"excerpt":{"rendered":"<p>&nbsp; &nbsp; &nbsp; &nbsp; &nbsp; &nbsp; Jag \u00e4r f\u00f6dd i Vasa i \u00d6sterbotten vid hav och sk\u00e4rg\u00e5rd &#8211; min konst pr\u00e4glas av det. \u00a0 Sm\u00e5 eller st\u00f6rre iaktelser, observationer eller minnen blir till emaljer, m\u00e5lningar\u00a0 och grafik. Ulla Niemi 0708-684992 &hellip; <a href=\"http:\/\/ullaniemi.se\/\">Forts\u00e4tt l\u00e4sa <span class=\"meta-nav\">&rarr;<\/span><\/a><\/p>\n","protected":false},"author":1,"featured_media":1536,"parent":0,"menu_order":1,"comment_status":"closed","ping_status":"closed","template":"onecolumn-page.php","meta":[],"_links":{"self":[{"href":"http:\/\/ullaniemi.se\/index.php?rest_route=\/wp\/v2\/pages\/2"}],"collection":[{"href":"http:\/\/ullaniemi.se\/index.php?rest_route=\/wp\/v2\/pages"}],"about":[{"href":"http:\/\/ullaniemi.se\/index.php?rest_route=\/wp\/v2\/types\/page"}],"author":[{"embeddable":true,"href":"http:\/\/ullaniemi.se\/index.php?rest_route=\/wp\/v2\/users\/1"}],"replies":[{"embeddable":true,"href":"http:\/\/ullaniemi.se\/index.php?rest_route=%2Fwp%2Fv2%2Fcomments&post=2"}],"version-history":[{"count":209,"href":"http:\/\/ullaniemi.se\/index.php?rest_route=\/wp\/v2\/pages\/2\/revisions"}],"predecessor-version":[{"id":1579,"href":"http:\/\/ullaniemi.se\/index.php?rest_route=\/wp\/v2\/pages\/2\/revisions\/1579"}],"wp:featuredmedia":[{"embeddable":true,"href":"http:\/\/ullaniemi.se\/index.php?rest_route=\/wp\/v2\/media\/1536"}],"wp:attachment":[{"href":"http:\/\/ullaniemi.se\/index.php?rest_route=%2Fwp%2Fv2%2Fmedia&parent=2"}],"curies":[{"name":"wp","href":"https:\/\/api.w.org\/{rel}","templated":true}]}}